{"id":812,"date":"2022-11-09T19:25:46","date_gmt":"2022-11-09T19:25:46","guid":{"rendered":"https:\/\/www.vinsdeltros.com\/?post_type=product&#038;p=812"},"modified":"2026-01-10T23:12:07","modified_gmt":"2026-01-10T23:12:07","slug":"senora-carmen-2022","status":"publish","type":"product","link":"https:\/\/www.vinsdeltros.com\/es\/producto\/senora-carmen-2022\/","title":{"rendered":"SE\u00d1ORA CARMEN 2022"},"content":{"rendered":"<p><a href=\"https:\/\/www.ccpae.org\/\"><img decoding=\"async\" class=\"wp-image-800 alignleft\" src=\"https:\/\/www.vinsdeltros.com\/wp-content\/uploads\/2020\/04\/UE_JPG_blanc_linia-300x200.jpg\" alt=\"\" width=\"174\" height=\"116\" \/><\/a><a href=\"https:\/\/www.v-label.com\/es\/\"><img decoding=\"async\" class=\"wp-image-801 alignleft\" src=\"https:\/\/www.vinsdeltros.com\/wp-content\/uploads\/2020\/04\/vegan_logo-300x300.jpg\" alt=\"\" width=\"118\" height=\"118\" srcset=\"https:\/\/www.vinsdeltros.com\/wp-content\/uploads\/2020\/04\/vegan_logo-300x300.jpg 300w, https:\/\/www.vinsdeltros.com\/wp-content\/uploads\/2020\/04\/vegan_logo-150x150.jpg 150w, https:\/\/www.vinsdeltros.com\/wp-content\/uploads\/2020\/04\/vegan_logo-12x12.jpg 12w, https:\/\/www.vinsdeltros.com\/wp-content\/uploads\/2020\/04\/vegan_logo-100x100.jpg 100w, https:\/\/www.vinsdeltros.com\/wp-content\/uploads\/2020\/04\/vegan_logo.jpg 438w\" sizes=\"(max-width: 118px) 100vw, 118px\" \/><\/a><\/p>\n<p>&nbsp;<\/p>\n<p>&nbsp;<\/p>\n<p>&nbsp;<\/p>\n<p><em>Vino tinto seco donde se aprecian aromas intensos a frutos rojos procedentes de la uva en un estado \u00f3ptimo de<\/em><br \/>\n<em>maduraci\u00f3n, potenciados por la fermentaci\u00f3n en el interior del grano de uva, tan caracter\u00edsticos de la variedad, en combinaci\u00f3n con toques de vainilla y tostados debidos a la crianza en barricas de roble franc\u00e9s de 225 litros.<\/em><\/p>\n<p><strong>Premios:<\/strong><\/p>\n<ul>\n<li>Mejor vino de La Gu\u00eda de Vinos de Catalu\u00f1a 2021 (9.84\/10)<\/li>\n<li>Medalla de oro en el concurso internacional <a href=\"https:\/\/www.grenachesdumonde.com\/ca\/\">Grenaches du Monde<\/a> 2024<\/li>\n<li>92 puntos en la <a href=\"https:\/\/guiapenin.wine\/\">Gu\u00eda Pe\u00f1\u00edn<\/a> 2024<\/li>\n<li>91 puntos en el Catalu\u00f1a 2025 Special Report by <a href=\"https:\/\/timatkin.com\/\">Tim Atkin<\/a><\/li>\n<li>Medalla de oro en el concurso internacional <a href=\"https:\/\/www.grenachesdumonde.com\/ca\/\">Grenaches du Monde<\/a> 2025<\/li>\n<li>Medalla de plata a los <a href=\"https:\/\/www.decanter.com\/decanter-awards\/\">Decanter World Wine Awards<\/a> 2025<\/li>\n<li>92 puntos en la <a href=\"https:\/\/guiapenin.wine\/\">Gu\u00eda Pe\u00f1\u00edn<\/a> 2025<\/li>\n<\/ul>\n<p><strong>Variedad:<\/strong> 100% Garnacha tinta<\/p>\n<p><strong>Origen:<\/strong> Finca &quot;la Valleta&quot;, situada entre Vilalba dels Arcs y la Batea, a 400 m. de altura.<\/p>\n<p><strong>Elaboraci\u00f3n:<\/strong> Seleccionado y vendimiado a mano, fermentado en dep\u00f3sitos de inox a temperaturas de entre 18 \u00b0C y 20 \u00b0C, en el interior de los granos de uva (tanto la fermentaci\u00f3n alcoh\u00f3lica como malol\u00e1ctica se producen de forma espont\u00e1nea), y con una crianza de doce meses en barricas de roble franc\u00e9s de 22.<\/p>\n<p><strong>Grado alcoh\u00f3lico:<\/strong> Entre 13,5\u00ba y 14,5\u00ba<\/p>\n<p><strong>Consumo:<\/strong> Entre 16 \u00baC y 18 \u00baC<\/p>\n<p><strong>Maridaje:<\/strong> Vino que combina a la perfecci\u00f3n con todo tipo de carnes y elaboraciones como estofados y salsas.<\/p>","protected":false},"excerpt":{"rendered":"<p>Crianza en barricas de roble franc\u00e9s de 225 litros durante unos 12 meses.<\/p>","protected":false},"featured_media":1040,"comment_status":"closed","ping_status":"closed","template":"","meta":{"_acf_changed":false,"_et_pb_use_builder":"","_et_pb_old_content":"","_et_gb_content_width":""},"product_brand":[],"product_cat":[71,16],"product_tag":[],"class_list":{"0":"post-812","1":"product","2":"type-product","3":"status-publish","4":"has-post-thumbnail","6":"product_cat-garnatxa-negra","7":"product_cat-vins","9":"first","10":"instock","11":"taxable","12":"shipping-taxable","13":"purchasable","14":"product-type-simple"},"acf":[],"yoast_head":"<!-- This site is optimized with the Yoast SEO plugin v27.4 - https:\/\/yoast.com\/product\/yoast-seo-wordpress\/ -->\n<title>SE\u00d1ORA CARMEN 2022 &#8211; Vins del Tros<\/title>\n<meta name=\"robots\" content=\"index, follow, max-snippet:-1, max-image-preview:large, max-video-preview:-1\" \/>\n<link rel=\"canonical\" href=\"https:\/\/www.vinsdeltros.com\/es\/producto\/senora-carmen-2022\/\" \/>\n<meta property=\"og:locale\" content=\"es_ES\" \/>\n<meta property=\"og:type\" content=\"article\" \/>\n<meta property=\"og:title\" content=\"SE\u00d1ORA CARMEN 2022 &#8211; Vins del Tros\" \/>\n<meta property=\"og:description\" content=\"Crian\u00e7a en b\u00f3tes de roure franc\u00e8s de 225 litres durant uns 12 mesos.\" \/>\n<meta property=\"og:url\" content=\"https:\/\/www.vinsdeltros.com\/es\/producto\/senora-carmen-2022\/\" \/>\n<meta property=\"og:site_name\" content=\"Vins del Tros\" \/>\n<meta property=\"article:publisher\" content=\"https:\/\/www.facebook.com\/vinsdeltros\" \/>\n<meta property=\"article:modified_time\" content=\"2026-01-10T23:12:07+00:00\" \/>\n<meta property=\"og:image\" content=\"https:\/\/www.vinsdeltros.com\/wp-content\/uploads\/2023\/05\/Senora-Carmen-2021-scaled.jpg\" \/>\n\t<meta property=\"og:image:width\" content=\"1709\" \/>\n\t<meta property=\"og:image:height\" content=\"2560\" \/>\n\t<meta property=\"og:image:type\" content=\"image\/jpeg\" \/>\n<meta name=\"twitter:card\" content=\"summary_large_image\" \/>\n<meta name=\"twitter:site\" content=\"@vinsdeltros\" \/>\n<script type=\"application\/ld+json\" class=\"yoast-schema-graph\">{\"@context\":\"https:\\\/\\\/schema.org\",\"@graph\":[{\"@type\":\"WebPage\",\"@id\":\"https:\\\/\\\/www.vinsdeltros.com\\\/producte\\\/senora-carmen-2022\\\/\",\"url\":\"https:\\\/\\\/www.vinsdeltros.com\\\/producte\\\/senora-carmen-2022\\\/\",\"name\":\"SE\u00d1ORA CARMEN 2022 &#8211; Vins del Tros\",\"isPartOf\":{\"@id\":\"https:\\\/\\\/www.vinsdeltros.com\\\/#website\"},\"primaryImageOfPage\":{\"@id\":\"https:\\\/\\\/www.vinsdeltros.com\\\/producte\\\/senora-carmen-2022\\\/#primaryimage\"},\"image\":{\"@id\":\"https:\\\/\\\/www.vinsdeltros.com\\\/producte\\\/senora-carmen-2022\\\/#primaryimage\"},\"thumbnailUrl\":\"https:\\\/\\\/www.vinsdeltros.com\\\/wp-content\\\/uploads\\\/2023\\\/05\\\/Senora-Carmen-2021-scaled.jpg\",\"datePublished\":\"2022-11-09T19:25:46+00:00\",\"dateModified\":\"2026-01-10T23:12:07+00:00\",\"breadcrumb\":{\"@id\":\"https:\\\/\\\/www.vinsdeltros.com\\\/producte\\\/senora-carmen-2022\\\/#breadcrumb\"},\"inLanguage\":\"es\",\"potentialAction\":[{\"@type\":\"ReadAction\",\"target\":[\"https:\\\/\\\/www.vinsdeltros.com\\\/producte\\\/senora-carmen-2022\\\/\"]}]},{\"@type\":\"ImageObject\",\"inLanguage\":\"es\",\"@id\":\"https:\\\/\\\/www.vinsdeltros.com\\\/producte\\\/senora-carmen-2022\\\/#primaryimage\",\"url\":\"https:\\\/\\\/www.vinsdeltros.com\\\/wp-content\\\/uploads\\\/2023\\\/05\\\/Senora-Carmen-2021-scaled.jpg\",\"contentUrl\":\"https:\\\/\\\/www.vinsdeltros.com\\\/wp-content\\\/uploads\\\/2023\\\/05\\\/Senora-Carmen-2021-scaled.jpg\",\"width\":1709,\"height\":2560},{\"@type\":\"BreadcrumbList\",\"@id\":\"https:\\\/\\\/www.vinsdeltros.com\\\/producte\\\/senora-carmen-2022\\\/#breadcrumb\",\"itemListElement\":[{\"@type\":\"ListItem\",\"position\":1,\"name\":\"Inici\",\"item\":\"https:\\\/\\\/www.vinsdeltros.com\\\/\"},{\"@type\":\"ListItem\",\"position\":2,\"name\":\"Botiga\",\"item\":\"https:\\\/\\\/www.vinsdeltros.com\\\/botiga\\\/\"},{\"@type\":\"ListItem\",\"position\":3,\"name\":\"SE\u00d1ORA CARMEN 2022\"}]},{\"@type\":\"WebSite\",\"@id\":\"https:\\\/\\\/www.vinsdeltros.com\\\/#website\",\"url\":\"https:\\\/\\\/www.vinsdeltros.com\\\/\",\"name\":\"Vins del Tros\",\"description\":\"Vins de parcel\u00b7la. Vernatxes i varietats del terreno. Vins ecol\u00f2gics, biodin\u00e0mics i vins d\u2019\u00e0mfora\",\"publisher\":{\"@id\":\"https:\\\/\\\/www.vinsdeltros.com\\\/#organization\"},\"potentialAction\":[{\"@type\":\"SearchAction\",\"target\":{\"@type\":\"EntryPoint\",\"urlTemplate\":\"https:\\\/\\\/www.vinsdeltros.com\\\/?s={search_term_string}\"},\"query-input\":{\"@type\":\"PropertyValueSpecification\",\"valueRequired\":true,\"valueName\":\"search_term_string\"}}],\"inLanguage\":\"es\"},{\"@type\":\"Organization\",\"@id\":\"https:\\\/\\\/www.vinsdeltros.com\\\/#organization\",\"name\":\"Vins del Tros\",\"url\":\"https:\\\/\\\/www.vinsdeltros.com\\\/\",\"logo\":{\"@type\":\"ImageObject\",\"inLanguage\":\"es\",\"@id\":\"https:\\\/\\\/www.vinsdeltros.com\\\/#\\\/schema\\\/logo\\\/image\\\/\",\"url\":\"https:\\\/\\\/www.vinsdeltros.com\\\/wp-content\\\/uploads\\\/2020\\\/05\\\/logo.jpg\",\"contentUrl\":\"https:\\\/\\\/www.vinsdeltros.com\\\/wp-content\\\/uploads\\\/2020\\\/05\\\/logo.jpg\",\"width\":733,\"height\":960,\"caption\":\"Vins del Tros\"},\"image\":{\"@id\":\"https:\\\/\\\/www.vinsdeltros.com\\\/#\\\/schema\\\/logo\\\/image\\\/\"},\"sameAs\":[\"https:\\\/\\\/www.facebook.com\\\/vinsdeltros\",\"https:\\\/\\\/x.com\\\/vinsdeltros\",\"https:\\\/\\\/www.instagram.com\\\/vinsdeltros\\\/\",\"https:\\\/\\\/www.youtube.com\\\/vinsdeltros\"]}]}<\/script>\n<!-- \/ Yoast SEO plugin. -->","yoast_head_json":{"title":"SE\u00d1ORA CARMEN 2022 \u2013 Vins del Tros","robots":{"index":"index","follow":"follow","max-snippet":"max-snippet:-1","max-image-preview":"max-image-preview:large","max-video-preview":"max-video-preview:-1"},"canonical":"https:\/\/www.vinsdeltros.com\/es\/producto\/senora-carmen-2022\/","og_locale":"es_ES","og_type":"article","og_title":"SE\u00d1ORA CARMEN 2022 &#8211; Vins del Tros","og_description":"Crian\u00e7a en b\u00f3tes de roure franc\u00e8s de 225 litres durant uns 12 mesos.","og_url":"https:\/\/www.vinsdeltros.com\/es\/producto\/senora-carmen-2022\/","og_site_name":"Vins del Tros","article_publisher":"https:\/\/www.facebook.com\/vinsdeltros","article_modified_time":"2026-01-10T23:12:07+00:00","og_image":[{"width":1709,"height":2560,"url":"https:\/\/www.vinsdeltros.com\/wp-content\/uploads\/2023\/05\/Senora-Carmen-2021-scaled.jpg","type":"image\/jpeg"}],"twitter_card":"summary_large_image","twitter_site":"@vinsdeltros","schema":{"@context":"https:\/\/schema.org","@graph":[{"@type":"WebPage","@id":"https:\/\/www.vinsdeltros.com\/producte\/senora-carmen-2022\/","url":"https:\/\/www.vinsdeltros.com\/producte\/senora-carmen-2022\/","name":"SE\u00d1ORA CARMEN 2022 \u2013 Vins del Tros","isPartOf":{"@id":"https:\/\/www.vinsdeltros.com\/#website"},"primaryImageOfPage":{"@id":"https:\/\/www.vinsdeltros.com\/producte\/senora-carmen-2022\/#primaryimage"},"image":{"@id":"https:\/\/www.vinsdeltros.com\/producte\/senora-carmen-2022\/#primaryimage"},"thumbnailUrl":"https:\/\/www.vinsdeltros.com\/wp-content\/uploads\/2023\/05\/Senora-Carmen-2021-scaled.jpg","datePublished":"2022-11-09T19:25:46+00:00","dateModified":"2026-01-10T23:12:07+00:00","breadcrumb":{"@id":"https:\/\/www.vinsdeltros.com\/producte\/senora-carmen-2022\/#breadcrumb"},"inLanguage":"es","potentialAction":[{"@type":"ReadAction","target":["https:\/\/www.vinsdeltros.com\/producte\/senora-carmen-2022\/"]}]},{"@type":"ImageObject","inLanguage":"es","@id":"https:\/\/www.vinsdeltros.com\/producte\/senora-carmen-2022\/#primaryimage","url":"https:\/\/www.vinsdeltros.com\/wp-content\/uploads\/2023\/05\/Senora-Carmen-2021-scaled.jpg","contentUrl":"https:\/\/www.vinsdeltros.com\/wp-content\/uploads\/2023\/05\/Senora-Carmen-2021-scaled.jpg","width":1709,"height":2560},{"@type":"BreadcrumbList","@id":"https:\/\/www.vinsdeltros.com\/producte\/senora-carmen-2022\/#breadcrumb","itemListElement":[{"@type":"ListItem","position":1,"name":"Inici","item":"https:\/\/www.vinsdeltros.com\/"},{"@type":"ListItem","position":2,"name":"Botiga","item":"https:\/\/www.vinsdeltros.com\/botiga\/"},{"@type":"ListItem","position":3,"name":"SE\u00d1ORA CARMEN 2022"}]},{"@type":"WebSite","@id":"https:\/\/www.vinsdeltros.com\/#website","url":"https:\/\/www.vinsdeltros.com\/","name":"Vins del Tros","description":"Vinos de parcela. Vernachas y variedades del terreno. Vinos ecol\u00f3gicos, biodin\u00e1micos y vinos de \u00e1nfora","publisher":{"@id":"https:\/\/www.vinsdeltros.com\/#organization"},"potentialAction":[{"@type":"SearchAction","target":{"@type":"EntryPoint","urlTemplate":"https:\/\/www.vinsdeltros.com\/?s={search_term_string}"},"query-input":{"@type":"PropertyValueSpecification","valueRequired":true,"valueName":"search_term_string"}}],"inLanguage":"es"},{"@type":"Organization","@id":"https:\/\/www.vinsdeltros.com\/#organization","name":"Vins del Tros","url":"https:\/\/www.vinsdeltros.com\/","logo":{"@type":"ImageObject","inLanguage":"es","@id":"https:\/\/www.vinsdeltros.com\/#\/schema\/logo\/image\/","url":"https:\/\/www.vinsdeltros.com\/wp-content\/uploads\/2020\/05\/logo.jpg","contentUrl":"https:\/\/www.vinsdeltros.com\/wp-content\/uploads\/2020\/05\/logo.jpg","width":733,"height":960,"caption":"Vins del Tros"},"image":{"@id":"https:\/\/www.vinsdeltros.com\/#\/schema\/logo\/image\/"},"sameAs":["https:\/\/www.facebook.com\/vinsdeltros","https:\/\/x.com\/vinsdeltros","https:\/\/www.instagram.com\/vinsdeltros\/","https:\/\/www.youtube.com\/vinsdeltros"]}]}},"_links":{"self":[{"href":"https:\/\/www.vinsdeltros.com\/es\/wp-json\/wp\/v2\/product\/812","targetHints":{"allow":["GET"]}}],"collection":[{"href":"https:\/\/www.vinsdeltros.com\/es\/wp-json\/wp\/v2\/product"}],"about":[{"href":"https:\/\/www.vinsdeltros.com\/es\/wp-json\/wp\/v2\/types\/product"}],"replies":[{"embeddable":true,"href":"https:\/\/www.vinsdeltros.com\/es\/wp-json\/wp\/v2\/comments?post=812"}],"wp:featuredmedia":[{"embeddable":true,"href":"https:\/\/www.vinsdeltros.com\/es\/wp-json\/wp\/v2\/media\/1040"}],"wp:attachment":[{"href":"https:\/\/www.vinsdeltros.com\/es\/wp-json\/wp\/v2\/media?parent=812"}],"wp:term":[{"taxonomy":"product_brand","embeddable":true,"href":"https:\/\/www.vinsdeltros.com\/es\/wp-json\/wp\/v2\/product_brand?post=812"},{"taxonomy":"product_cat","embeddable":true,"href":"https:\/\/www.vinsdeltros.com\/es\/wp-json\/wp\/v2\/product_cat?post=812"},{"taxonomy":"product_tag","embeddable":true,"href":"https:\/\/www.vinsdeltros.com\/es\/wp-json\/wp\/v2\/product_tag?post=812"}],"curies":[{"name":"wp","href":"https:\/\/api.w.org\/{rel}","templated":true}]}}