{"id":113,"date":"2020-04-18T12:50:45","date_gmt":"2020-04-18T12:50:45","guid":{"rendered":"https:\/\/www.vinsdeltros.com\/?product=import-placeholder-for-12"},"modified":"2026-01-10T23:18:50","modified_gmt":"2026-01-10T23:18:50","slug":"lo-morenillo-2021","status":"publish","type":"product","link":"https:\/\/www.vinsdeltros.com\/es\/producto\/lo-morenillo-2021\/","title":{"rendered":"LO MORENILLO 2021"},"content":{"rendered":"<p><a href=\"https:\/\/www.v-label.com\/es\/\"><img decoding=\"async\" class=\"wp-image-801 alignleft\" src=\"https:\/\/www.vinsdeltros.com\/wp-content\/uploads\/2020\/04\/vegan_logo-300x300.jpg\" alt=\"\" width=\"118\" height=\"118\" srcset=\"https:\/\/www.vinsdeltros.com\/wp-content\/uploads\/2020\/04\/vegan_logo-300x300.jpg 300w, https:\/\/www.vinsdeltros.com\/wp-content\/uploads\/2020\/04\/vegan_logo-150x150.jpg 150w, https:\/\/www.vinsdeltros.com\/wp-content\/uploads\/2020\/04\/vegan_logo-12x12.jpg 12w, https:\/\/www.vinsdeltros.com\/wp-content\/uploads\/2020\/04\/vegan_logo-100x100.jpg 100w, https:\/\/www.vinsdeltros.com\/wp-content\/uploads\/2020\/04\/vegan_logo.jpg 438w\" sizes=\"(max-width: 118px) 100vw, 118px\" \/><\/a><\/p>\n<p>&nbsp;<\/p>\n<p>&nbsp;<\/p>\n<p>&nbsp;<\/p>\n<p><em>Vino tinto seco donde se aprecian aromas intensos a frutos tintos y especias procedentes de la uva en un estado \u00f3ptimo de maduraci\u00f3n, potenciados por la fermentaci\u00f3n en el interior del grano de uva, tan caracter\u00edsticos de la variedad, en combinaci\u00f3n con toques de vainilla y tostados debidos a la crianza en barricas de roble franc\u00e9s de 2.<\/em><\/p>\n<p><strong>Premios:<\/strong><\/p>\n<ul>\n<li>Medalla de plata en los Decanter World Wine Awards 2024<\/li>\n<li>92 puntos en el Catalu\u00f1a 2025 Special Report by Tim Atkin<\/li>\n<li>91 puntos en la Gu\u00eda Pe\u00f1\u00edn 2025<\/li>\n<li>Mejor Morenillo de La Gu\u00eda de Vinos de Catalu\u00f1a 2026 (9.69\/10)<\/li>\n<\/ul>\n<p><strong>Variedad:<\/strong> 100% Morenillo<\/p>\n<p><strong>Origen:<\/strong> Finca &quot;la Cirera&quot;, situada entre Vilalba dels Arcs y la Pobla de Massaluca, a 410 m. de altura.<\/p>\n<p><strong>Elaboraci\u00f3n:<\/strong> Seleccionado y vendimiado a mano, fermentado en dep\u00f3sitos de inox en el interior de los granos de uva (tanto la fermentaci\u00f3n alcoh\u00f3lica como malol\u00e1ctica se producen de forma espont\u00e1nea), y con una crianza de doce<br \/>\nmeses en barricas de roble franc\u00e9s de 225 litros.<\/p>\n<p><strong>Grado alcoh\u00f3lico:<\/strong> Entre 13\u00ba y 14\u00ba<\/p>\n<p><strong>Consumo:<\/strong> Entre 16 \u00baC y 18 \u00baC<\/p>\n<p><strong>Maridaje:<\/strong> Vino fresco y ligeramente especiado, que combina a la perfecci\u00f3n con todo tipo de carnes y elaboraciones como estofados y salsas.<\/p>","protected":false},"excerpt":{"rendered":"<p>Crianza en barricas de roble franc\u00e9s de 225 litros durante unos 12 meses.<\/p>","protected":false},"featured_media":1039,"comment_status":"closed","ping_status":"closed","template":"","meta":{"_acf_changed":false,"_et_pb_use_builder":"","_et_pb_old_content":"","_et_gb_content_width":""},"product_brand":[],"product_cat":[73,16],"product_tag":[],"class_list":{"0":"post-113","1":"product","2":"type-product","3":"status-publish","4":"has-post-thumbnail","6":"product_cat-morenillo","7":"product_cat-vins","9":"first","10":"instock","11":"taxable","12":"shipping-taxable","13":"purchasable","14":"product-type-simple"},"acf":[],"yoast_head":"<!-- This site is optimized with the Yoast SEO plugin v27.4 - https:\/\/yoast.com\/product\/yoast-seo-wordpress\/ -->\n<title>LO MORENILLO 2021 &#8211; Vins del Tros<\/title>\n<meta name=\"robots\" content=\"index, follow, max-snippet:-1, max-image-preview:large, max-video-preview:-1\" \/>\n<link rel=\"canonical\" href=\"https:\/\/www.vinsdeltros.com\/es\/producto\/lo-morenillo-2021\/\" \/>\n<meta property=\"og:locale\" content=\"es_ES\" \/>\n<meta property=\"og:type\" content=\"article\" \/>\n<meta property=\"og:title\" content=\"LO MORENILLO 2021 &#8211; Vins del Tros\" \/>\n<meta property=\"og:description\" content=\"Crian\u00e7a en b\u00f3tes de roure franc\u00e8s de 225 litres durant uns 12 mesos.\" \/>\n<meta property=\"og:url\" content=\"https:\/\/www.vinsdeltros.com\/es\/producto\/lo-morenillo-2021\/\" \/>\n<meta property=\"og:site_name\" content=\"Vins del Tros\" \/>\n<meta property=\"article:publisher\" content=\"https:\/\/www.facebook.com\/vinsdeltros\" \/>\n<meta property=\"article:modified_time\" content=\"2026-01-10T23:18:50+00:00\" \/>\n<meta property=\"og:image\" content=\"https:\/\/www.vinsdeltros.com\/wp-content\/uploads\/2023\/05\/Lo-Morenillo-2021-scaled.jpg\" \/>\n\t<meta property=\"og:image:width\" content=\"1709\" \/>\n\t<meta property=\"og:image:height\" content=\"2560\" \/>\n\t<meta property=\"og:image:type\" content=\"image\/jpeg\" \/>\n<meta name=\"twitter:card\" content=\"summary_large_image\" \/>\n<meta name=\"twitter:site\" content=\"@vinsdeltros\" \/>\n<script type=\"application\/ld+json\" class=\"yoast-schema-graph\">{\"@context\":\"https:\\\/\\\/schema.org\",\"@graph\":[{\"@type\":\"WebPage\",\"@id\":\"https:\\\/\\\/www.vinsdeltros.com\\\/producte\\\/lo-morenillo-2021\\\/\",\"url\":\"https:\\\/\\\/www.vinsdeltros.com\\\/producte\\\/lo-morenillo-2021\\\/\",\"name\":\"LO MORENILLO 2021 &#8211; Vins del Tros\",\"isPartOf\":{\"@id\":\"https:\\\/\\\/www.vinsdeltros.com\\\/#website\"},\"primaryImageOfPage\":{\"@id\":\"https:\\\/\\\/www.vinsdeltros.com\\\/producte\\\/lo-morenillo-2021\\\/#primaryimage\"},\"image\":{\"@id\":\"https:\\\/\\\/www.vinsdeltros.com\\\/producte\\\/lo-morenillo-2021\\\/#primaryimage\"},\"thumbnailUrl\":\"https:\\\/\\\/www.vinsdeltros.com\\\/wp-content\\\/uploads\\\/2023\\\/05\\\/Lo-Morenillo-2021-scaled.jpg\",\"datePublished\":\"2020-04-18T12:50:45+00:00\",\"dateModified\":\"2026-01-10T23:18:50+00:00\",\"breadcrumb\":{\"@id\":\"https:\\\/\\\/www.vinsdeltros.com\\\/producte\\\/lo-morenillo-2021\\\/#breadcrumb\"},\"inLanguage\":\"es\",\"potentialAction\":[{\"@type\":\"ReadAction\",\"target\":[\"https:\\\/\\\/www.vinsdeltros.com\\\/producte\\\/lo-morenillo-2021\\\/\"]}]},{\"@type\":\"ImageObject\",\"inLanguage\":\"es\",\"@id\":\"https:\\\/\\\/www.vinsdeltros.com\\\/producte\\\/lo-morenillo-2021\\\/#primaryimage\",\"url\":\"https:\\\/\\\/www.vinsdeltros.com\\\/wp-content\\\/uploads\\\/2023\\\/05\\\/Lo-Morenillo-2021-scaled.jpg\",\"contentUrl\":\"https:\\\/\\\/www.vinsdeltros.com\\\/wp-content\\\/uploads\\\/2023\\\/05\\\/Lo-Morenillo-2021-scaled.jpg\",\"width\":1709,\"height\":2560},{\"@type\":\"BreadcrumbList\",\"@id\":\"https:\\\/\\\/www.vinsdeltros.com\\\/producte\\\/lo-morenillo-2021\\\/#breadcrumb\",\"itemListElement\":[{\"@type\":\"ListItem\",\"position\":1,\"name\":\"Inici\",\"item\":\"https:\\\/\\\/www.vinsdeltros.com\\\/\"},{\"@type\":\"ListItem\",\"position\":2,\"name\":\"Botiga\",\"item\":\"https:\\\/\\\/www.vinsdeltros.com\\\/botiga\\\/\"},{\"@type\":\"ListItem\",\"position\":3,\"name\":\"LO MORENILLO 2021\"}]},{\"@type\":\"WebSite\",\"@id\":\"https:\\\/\\\/www.vinsdeltros.com\\\/#website\",\"url\":\"https:\\\/\\\/www.vinsdeltros.com\\\/\",\"name\":\"Vins del Tros\",\"description\":\"Vins de parcel\u00b7la. Vernatxes i varietats del terreno. Vins ecol\u00f2gics, biodin\u00e0mics i vins d\u2019\u00e0mfora\",\"publisher\":{\"@id\":\"https:\\\/\\\/www.vinsdeltros.com\\\/#organization\"},\"potentialAction\":[{\"@type\":\"SearchAction\",\"target\":{\"@type\":\"EntryPoint\",\"urlTemplate\":\"https:\\\/\\\/www.vinsdeltros.com\\\/?s={search_term_string}\"},\"query-input\":{\"@type\":\"PropertyValueSpecification\",\"valueRequired\":true,\"valueName\":\"search_term_string\"}}],\"inLanguage\":\"es\"},{\"@type\":\"Organization\",\"@id\":\"https:\\\/\\\/www.vinsdeltros.com\\\/#organization\",\"name\":\"Vins del Tros\",\"url\":\"https:\\\/\\\/www.vinsdeltros.com\\\/\",\"logo\":{\"@type\":\"ImageObject\",\"inLanguage\":\"es\",\"@id\":\"https:\\\/\\\/www.vinsdeltros.com\\\/#\\\/schema\\\/logo\\\/image\\\/\",\"url\":\"https:\\\/\\\/www.vinsdeltros.com\\\/wp-content\\\/uploads\\\/2020\\\/05\\\/logo.jpg\",\"contentUrl\":\"https:\\\/\\\/www.vinsdeltros.com\\\/wp-content\\\/uploads\\\/2020\\\/05\\\/logo.jpg\",\"width\":733,\"height\":960,\"caption\":\"Vins del Tros\"},\"image\":{\"@id\":\"https:\\\/\\\/www.vinsdeltros.com\\\/#\\\/schema\\\/logo\\\/image\\\/\"},\"sameAs\":[\"https:\\\/\\\/www.facebook.com\\\/vinsdeltros\",\"https:\\\/\\\/x.com\\\/vinsdeltros\",\"https:\\\/\\\/www.instagram.com\\\/vinsdeltros\\\/\",\"https:\\\/\\\/www.youtube.com\\\/vinsdeltros\"]}]}<\/script>\n<!-- \/ Yoast SEO plugin. -->","yoast_head_json":{"title":"LO MORENILLO 2021 \u2013 Vins del Tros","robots":{"index":"index","follow":"follow","max-snippet":"max-snippet:-1","max-image-preview":"max-image-preview:large","max-video-preview":"max-video-preview:-1"},"canonical":"https:\/\/www.vinsdeltros.com\/es\/producto\/lo-morenillo-2021\/","og_locale":"es_ES","og_type":"article","og_title":"LO MORENILLO 2021 &#8211; Vins del Tros","og_description":"Crian\u00e7a en b\u00f3tes de roure franc\u00e8s de 225 litres durant uns 12 mesos.","og_url":"https:\/\/www.vinsdeltros.com\/es\/producto\/lo-morenillo-2021\/","og_site_name":"Vins del Tros","article_publisher":"https:\/\/www.facebook.com\/vinsdeltros","article_modified_time":"2026-01-10T23:18:50+00:00","og_image":[{"width":1709,"height":2560,"url":"https:\/\/www.vinsdeltros.com\/wp-content\/uploads\/2023\/05\/Lo-Morenillo-2021-scaled.jpg","type":"image\/jpeg"}],"twitter_card":"summary_large_image","twitter_site":"@vinsdeltros","schema":{"@context":"https:\/\/schema.org","@graph":[{"@type":"WebPage","@id":"https:\/\/www.vinsdeltros.com\/producte\/lo-morenillo-2021\/","url":"https:\/\/www.vinsdeltros.com\/producte\/lo-morenillo-2021\/","name":"LO MORENILLO 2021 \u2013 Vins del Tros","isPartOf":{"@id":"https:\/\/www.vinsdeltros.com\/#website"},"primaryImageOfPage":{"@id":"https:\/\/www.vinsdeltros.com\/producte\/lo-morenillo-2021\/#primaryimage"},"image":{"@id":"https:\/\/www.vinsdeltros.com\/producte\/lo-morenillo-2021\/#primaryimage"},"thumbnailUrl":"https:\/\/www.vinsdeltros.com\/wp-content\/uploads\/2023\/05\/Lo-Morenillo-2021-scaled.jpg","datePublished":"2020-04-18T12:50:45+00:00","dateModified":"2026-01-10T23:18:50+00:00","breadcrumb":{"@id":"https:\/\/www.vinsdeltros.com\/producte\/lo-morenillo-2021\/#breadcrumb"},"inLanguage":"es","potentialAction":[{"@type":"ReadAction","target":["https:\/\/www.vinsdeltros.com\/producte\/lo-morenillo-2021\/"]}]},{"@type":"ImageObject","inLanguage":"es","@id":"https:\/\/www.vinsdeltros.com\/producte\/lo-morenillo-2021\/#primaryimage","url":"https:\/\/www.vinsdeltros.com\/wp-content\/uploads\/2023\/05\/Lo-Morenillo-2021-scaled.jpg","contentUrl":"https:\/\/www.vinsdeltros.com\/wp-content\/uploads\/2023\/05\/Lo-Morenillo-2021-scaled.jpg","width":1709,"height":2560},{"@type":"BreadcrumbList","@id":"https:\/\/www.vinsdeltros.com\/producte\/lo-morenillo-2021\/#breadcrumb","itemListElement":[{"@type":"ListItem","position":1,"name":"Inici","item":"https:\/\/www.vinsdeltros.com\/"},{"@type":"ListItem","position":2,"name":"Botiga","item":"https:\/\/www.vinsdeltros.com\/botiga\/"},{"@type":"ListItem","position":3,"name":"LO MORENILLO 2021"}]},{"@type":"WebSite","@id":"https:\/\/www.vinsdeltros.com\/#website","url":"https:\/\/www.vinsdeltros.com\/","name":"Vins del Tros","description":"Vinos de parcela. Vernachas y variedades del terreno. Vinos ecol\u00f3gicos, biodin\u00e1micos y vinos de \u00e1nfora","publisher":{"@id":"https:\/\/www.vinsdeltros.com\/#organization"},"potentialAction":[{"@type":"SearchAction","target":{"@type":"EntryPoint","urlTemplate":"https:\/\/www.vinsdeltros.com\/?s={search_term_string}"},"query-input":{"@type":"PropertyValueSpecification","valueRequired":true,"valueName":"search_term_string"}}],"inLanguage":"es"},{"@type":"Organization","@id":"https:\/\/www.vinsdeltros.com\/#organization","name":"Vins del Tros","url":"https:\/\/www.vinsdeltros.com\/","logo":{"@type":"ImageObject","inLanguage":"es","@id":"https:\/\/www.vinsdeltros.com\/#\/schema\/logo\/image\/","url":"https:\/\/www.vinsdeltros.com\/wp-content\/uploads\/2020\/05\/logo.jpg","contentUrl":"https:\/\/www.vinsdeltros.com\/wp-content\/uploads\/2020\/05\/logo.jpg","width":733,"height":960,"caption":"Vins del Tros"},"image":{"@id":"https:\/\/www.vinsdeltros.com\/#\/schema\/logo\/image\/"},"sameAs":["https:\/\/www.facebook.com\/vinsdeltros","https:\/\/x.com\/vinsdeltros","https:\/\/www.instagram.com\/vinsdeltros\/","https:\/\/www.youtube.com\/vinsdeltros"]}]}},"_links":{"self":[{"href":"https:\/\/www.vinsdeltros.com\/es\/wp-json\/wp\/v2\/product\/113","targetHints":{"allow":["GET"]}}],"collection":[{"href":"https:\/\/www.vinsdeltros.com\/es\/wp-json\/wp\/v2\/product"}],"about":[{"href":"https:\/\/www.vinsdeltros.com\/es\/wp-json\/wp\/v2\/types\/product"}],"replies":[{"embeddable":true,"href":"https:\/\/www.vinsdeltros.com\/es\/wp-json\/wp\/v2\/comments?post=113"}],"wp:featuredmedia":[{"embeddable":true,"href":"https:\/\/www.vinsdeltros.com\/es\/wp-json\/wp\/v2\/media\/1039"}],"wp:attachment":[{"href":"https:\/\/www.vinsdeltros.com\/es\/wp-json\/wp\/v2\/media?parent=113"}],"wp:term":[{"taxonomy":"product_brand","embeddable":true,"href":"https:\/\/www.vinsdeltros.com\/es\/wp-json\/wp\/v2\/product_brand?post=113"},{"taxonomy":"product_cat","embeddable":true,"href":"https:\/\/www.vinsdeltros.com\/es\/wp-json\/wp\/v2\/product_cat?post=113"},{"taxonomy":"product_tag","embeddable":true,"href":"https:\/\/www.vinsdeltros.com\/es\/wp-json\/wp\/v2\/product_tag?post=113"}],"curies":[{"name":"wp","href":"https:\/\/api.w.org\/{rel}","templated":true}]}}